{"id":1279,"date":"2026-08-28T09:54:43","date_gmt":"2026-08-28T07:54:43","guid":{"rendered":"https:\/\/mint.jena.de\/?page_id=1279"},"modified":"2026-08-28T10:11:03","modified_gmt":"2026-08-28T08:11:03","slug":"titelblock","status":"publish","type":"page","link":"https:\/\/mint.jena.de\/index.php\/titelblock\/","title":{"rendered":"Titelblock"},"content":{"rendered":"Textblock\nDu interessierst dich f\u00fcr <a href=\"https:\/\/mint.jena.de\/index.php\/klasse-7\/\"><strong>naturwissenschaftliche Themen<\/strong><\/a> und suchst nach mehr Herausforderungen im MINT-Bereich? Du bekommst von <a href=\"https:\/\/mint.jena.de\/index.php\/mathematik-klasse-6\/\"><strong>Mathe<\/strong><\/a> oder <a href=\"https:\/\/mint.jena.de\/index.php\/ag-kopfrechnen-kl-5-7\/\"><strong>Kopfrechnen<\/strong><\/a> nicht genug oder magst deine Skills in <a href=\"https:\/\/mint.jena.de\/index.php\/informatik-klasse-5\/\"><strong>Informatik<\/strong><\/a> noch weiter vertiefen? Dann melde dich f\u00fcr eine MINT AG an! Ganz egal, ob du Klasse <a href=\"https:\/\/mint.jena.de\/index.php\/klasse-4\/\">4<\/a>, <a href=\"https:\/\/mint.jena.de\/index.php\/klasse-5\/\">5<\/a>, <a href=\"https:\/\/mint.jena.de\/index.php\/klasse-6\/\">6<\/a>, <a href=\"https:\/\/mint.jena.de\/index.php\/klasse-7\/\">7<\/a> oder <a href=\"https:\/\/mint.jena.de\/index.php\/klasse-8\/\">8<\/a> bist &#8211; wir haben bestimmt ein spannendes Angebot f\u00fcr dich dabei!<br \/>Du kannst entweder live am Carl-Zeiss-Gymnasium Jena die MINT-AG besuchen oder online teilnehmen. Freu dich auf gleichgesinnte, MINTeressierte und begabte Sch\u00fclerinnen und Sch\u00fcler aus ganz Ostth\u00fcringen.<\/p>\n<p>Die Teilnahme online erfolgt jeweils in Bl\u00f6cken. Es gibt also wechselnde Termine f\u00fcr Videokonferenzen und Forscheraufgaben, die \u00fcber einen bestimmten Zeitraum bearbeitet werden k\u00f6nnen. Du kannst einzeln arbeiten, aber dich auch mit anderen Teilnehmenden vernetzen.<\/p>\n<p>Unsere <strong>Datenschutzerkl\u00e4rung<\/strong> findest du hier: <a href=\"https:\/\/mint.jena.de\/wp-content\/uploads\/2024\/08\/Datenschutzerklaerung-BF-MINT.pdf\">Datenschutzerkl\u00e4rung BF MINT<\/a><\/p>\n<h4><strong>Anmeldung\u00a0<br \/><\/strong><span style=\"color: #1a5b6e;\"><strong>Teilnahme MINT AG im Schuljahr 2026-2027<\/strong><\/span><\/h4>\n<!-- \/wp:post-content -->","protected":false},"excerpt":{"rendered":"<p>Textblock Du interessierst dich f\u00fcr naturwissenschaftliche Themen und suchst nach mehr Herausforderungen im MINT-Bereich? Du bekommst von Mathe oder Kopfrechnen nicht genug oder magst deine Skills in Informatik noch weiter vertiefen? Dann melde dich f\u00fcr eine MINT AG an! Ganz egal, ob du Klasse 4, 5, 6, 7 oder 8 bist &#8211; wir haben bestimmt &hellip; <a href=\"https:\/\/mint.jena.de\/index.php\/titelblock\/\" class=\"more-link\"><span class=\"screen-reader-text\">Titelblock<\/span> weiterlesen<\/a><\/p>\n","protected":false},"author":1,"featured_media":0,"parent":0,"menu_order":0,"comment_status":"closed","ping_status":"closed","template":"","meta":{"footnotes":""},"class_list":["post-1279","page","type-page","status-publish","hentry"],"_links":{"self":[{"href":"https:\/\/mint.jena.de\/index.php\/wp-json\/wp\/v2\/pages\/1279","targetHints":{"allow":["GET"]}}],"collection":[{"href":"https:\/\/mint.jena.de\/index.php\/wp-json\/wp\/v2\/pages"}],"about":[{"href":"https:\/\/mint.jena.de\/index.php\/wp-json\/wp\/v2\/types\/page"}],"author":[{"embeddable":true,"href":"https:\/\/mint.jena.de\/index.php\/wp-json\/wp\/v2\/users\/1"}],"replies":[{"embeddable":true,"href":"https:\/\/mint.jena.de\/index.php\/wp-json\/wp\/v2\/comments?post=1279"}],"version-history":[{"count":4,"href":"https:\/\/mint.jena.de\/index.php\/wp-json\/wp\/v2\/pages\/1279\/revisions"}],"predecessor-version":[{"id":1286,"href":"https:\/\/mint.jena.de\/index.php\/wp-json\/wp\/v2\/pages\/1279\/revisions\/1286"}],"wp:attachment":[{"href":"https:\/\/mint.jena.de\/index.php\/wp-json\/wp\/v2\/media?parent=1279"}],"curies":[{"name":"wp","href":"https:\/\/api.w.org\/{rel}","templated":true}]}}